{"id":23,"date":"2021-04-14T21:03:14","date_gmt":"2021-04-14T21:03:14","guid":{"rendered":"https:\/\/www.labottegadelgolosogenova.it\/?page_id=23"},"modified":"2021-05-28T10:34:32","modified_gmt":"2021-05-28T10:34:32","slug":"home","status":"publish","type":"page","link":"https:\/\/www.labottegadelgolosogenova.it\/","title":{"rendered":"Home"},"content":{"rendered":"\n<div class=\"wp-block-columns alignfull tw-gutter-no tw-cols-stack-md has-text-align-center is-layout-flex wp-container-core-columns-is-layout-d0b3c9c8 wp-block-columns-is-layout-flex\">\n<div class=\"wp-block-column is-layout-flow wp-block-column-is-layout-flow\">\n<div class=\"wp-block-cover\"><img loading=\"lazy\" decoding=\"async\" width=\"1400\" height=\"900\" sizes=\"auto, (max-width: 799px) 200vw, (max-width: 1400px) 100vw, 1400px\" class=\"wp-block-cover__image-background wp-image-111\" alt=\"\" src=\"https:\/\/www.labottegadelgolosogenova.it\/wp-content\/uploads\/2021\/05\/Bottega-del-Goloso-Gelateria-Pasticceria-Genova-Voltri.jpg\" data-object-fit=\"cover\" srcset=\"https:\/\/www.labottegadelgolosogenova.it\/wp-content\/uploads\/2021\/05\/Bottega-del-Goloso-Gelateria-Pasticceria-Genova-Voltri.jpg 1400w, https:\/\/www.labottegadelgolosogenova.it\/wp-content\/uploads\/2021\/05\/Bottega-del-Goloso-Gelateria-Pasticceria-Genova-Voltri-300x193.jpg 300w, https:\/\/www.labottegadelgolosogenova.it\/wp-content\/uploads\/2021\/05\/Bottega-del-Goloso-Gelateria-Pasticceria-Genova-Voltri-1024x658.jpg 1024w, https:\/\/www.labottegadelgolosogenova.it\/wp-content\/uploads\/2021\/05\/Bottega-del-Goloso-Gelateria-Pasticceria-Genova-Voltri-768x494.jpg 768w\" \/><div class=\"wp-block-cover__inner-container is-layout-flow wp-block-cover-is-layout-flow\">\n<div class=\"wp-block-getwid-advanced-heading\"><h2 class=\"wp-block-getwid-advanced-heading__content has-text-color has-dark-gray-color has-background has-white-background-color\">La Bottega del Goloso<\/h2><\/div>\n\n\n\n<p class=\"has-dark-gray-color has-white-background-color has-text-color has-background\"><strong>GELATERIA E PASTICCERIA A GENOVA VOLTRI<\/strong><\/p>\n\n\n\n<div class=\"wp-block-buttons is-content-justification-center is-layout-flex wp-block-buttons-is-layout-flex\">\n<div class=\"wp-block-button is-style-fill\"><a class=\"wp-block-button__link has-white-color has-dark-gray-background-color has-text-color has-background\" href=\"tel:+390108605938\">Chiama Ora<\/a><\/div>\n\n\n\n<div class=\"wp-block-button\"><a class=\"wp-block-button__link has-dark-gray-color has-white-background-color has-text-color has-background\" href=\"https:\/\/www.labottegadelgolosogenova.it\/#dove-siamo\">Dove siamo<\/a><\/div>\n<\/div>\n<\/div><\/div>\n<\/div>\n\n\n\n<div class=\"wp-block-column is-layout-flow wp-block-column-is-layout-flow\">\n<div class=\"wp-block-cover\"><img loading=\"lazy\" decoding=\"async\" width=\"1400\" height=\"900\" sizes=\"auto, (max-width: 799px) 200vw, (max-width: 1400px) 100vw, 1400px\" class=\"wp-block-cover__image-background wp-image-129\" alt=\"\" src=\"https:\/\/www.labottegadelgolosogenova.it\/wp-content\/uploads\/2021\/05\/Bottega-del-Goloso-Gelateria-Pasticceria-Caffetteria-Genova-Pra.jpg\" data-object-fit=\"cover\" srcset=\"https:\/\/www.labottegadelgolosogenova.it\/wp-content\/uploads\/2021\/05\/Bottega-del-Goloso-Gelateria-Pasticceria-Caffetteria-Genova-Pra.jpg 1400w, https:\/\/www.labottegadelgolosogenova.it\/wp-content\/uploads\/2021\/05\/Bottega-del-Goloso-Gelateria-Pasticceria-Caffetteria-Genova-Pra-300x193.jpg 300w, https:\/\/www.labottegadelgolosogenova.it\/wp-content\/uploads\/2021\/05\/Bottega-del-Goloso-Gelateria-Pasticceria-Caffetteria-Genova-Pra-1024x658.jpg 1024w, https:\/\/www.labottegadelgolosogenova.it\/wp-content\/uploads\/2021\/05\/Bottega-del-Goloso-Gelateria-Pasticceria-Caffetteria-Genova-Pra-768x494.jpg 768w\" \/><div class=\"wp-block-cover__inner-container is-layout-flow wp-block-cover-is-layout-flow\">\n<div class=\"wp-block-getwid-advanced-heading\"><h2 class=\"wp-block-getwid-advanced-heading__content has-text-color has-dark-gray-color has-background has-white-background-color\">La Bottega del Goloso<\/h2><\/div>\n\n\n\n<p class=\"has-dark-gray-color has-white-background-color has-text-color has-background\"><strong>GELATERIA E CAFFETTERIA A GENOVA PRA&#8217;<\/strong><\/p>\n\n\n\n<div class=\"wp-block-buttons is-content-justification-center is-layout-flex wp-block-buttons-is-layout-flex\">\n<div class=\"wp-block-button is-style-fill\"><a class=\"wp-block-button__link has-white-color has-dark-gray-background-color has-text-color has-background\" href=\"tel:+390106982992\">Chiama Ora<\/a><\/div>\n\n\n\n<div class=\"wp-block-button\"><a class=\"wp-block-button__link has-dark-gray-color has-white-background-color has-text-color has-background\" href=\"https:\/\/www.labottegadelgolosogenova.it\/#dove-siamo\">Dove siamo<\/a><\/div>\n<\/div>\n<\/div><\/div>\n<\/div>\n<\/div>\n\n\n\n<div class=\"wp-block-getwid-icon alignfull is-aligned-center\"><a href=\"https:\/\/www.labottegadelgolosogenova.it\/#servizi\" class=\"wp-block-getwid-icon__wrapper has-text-color has-dark-gray-color\" style=\"font-size:50px\"><i class=\"fas fa-chevron-circle-down\"><\/i><\/a><\/div>\n\n\n\n<div class=\"wp-block-getwid-advanced-heading alignfull alignfull\" id=\"servizi\" style=\"margin-bottom:0px;margin-top:30px\"><h2 class=\"wp-block-getwid-advanced-heading__content has-text-color has-white-color has-background has-dark-gray-background-color\" style=\"text-align:center\">I nostri servizi<\/h2><\/div>\n\n\n\n<div class=\"wp-block-getwid-section alignfull getwid-margin-top-none getwid-section-content-custom-width\"><div class=\"wp-block-getwid-section__wrapper getwid-padding-top-none getwid-padding-left-medium getwid-padding-right-medium\"><div class=\"wp-block-getwid-section__inner-wrapper\" style=\"max-width:1140px\"><div class=\"wp-block-getwid-section__background-holder\"><div class=\"wp-block-getwid-section__background has-background has-white-background-color\" style=\"background-image:url('https:\/\/www.labottegadelgolosogenova.it\/wp-content\/uploads\/2021\/05\/Bottega-del-Goloso-Gelateria-Pasticceria-Caffetteria-Genova.jpg')\"><div class=\"wp-block-getwid-section__background-image-wrapper\"><img decoding=\"async\" class=\"wp-block-getwid-section__background-image\" src=\"https:\/\/www.labottegadelgolosogenova.it\/wp-content\/uploads\/2021\/05\/Bottega-del-Goloso-Gelateria-Pasticceria-Caffetteria-Genova.jpg\" alt=\"Bottega del Goloso Gelateria Pasticceria Caffetteria Genova\"\/><\/div><\/div><div class=\"wp-block-getwid-section__foreground\" style=\"opacity:0.5;mix-blend-mode:\"><\/div><\/div><div class=\"wp-block-getwid-section__content\"><div class=\"wp-block-getwid-section__inner-content\">\n<div class=\"wp-block-getwid-section alignfull alignfull getwid-section-content-custom-width\"><div class=\"wp-block-getwid-section__wrapper getwid-padding-top-large getwid-padding-bottom-large getwid-padding-left-medium getwid-padding-right-medium\" style=\"min-height:70vh\"><div class=\"wp-block-getwid-section__inner-wrapper\" style=\"max-width:1140px\"><div class=\"wp-block-getwid-section__background-holder\"><div class=\"wp-block-getwid-section__background\"><\/div><div class=\"wp-block-getwid-section__foreground\" style=\"opacity:0.5;background-color:#FFFFFF\"><\/div><\/div><div class=\"wp-block-getwid-section__content\"><div class=\"wp-block-getwid-section__inner-content\">\n<div class=\"wp-block-getwid-advanced-spacer\" style=\"height:40px\" aria-hidden=\"true\"><\/div>\n\n\n\n<div class=\"wp-block-columns has-3-columns is-layout-flex wp-container-core-columns-is-layout-d0b3c9c8 wp-block-columns-is-layout-flex\">\n<div class=\"wp-block-column is-layout-flow wp-block-column-is-layout-flow\">\n<div class=\"wp-block-getwid-section\"><div class=\"wp-block-getwid-section__wrapper\"><div class=\"wp-block-getwid-section__inner-wrapper\"><div class=\"wp-block-getwid-section__background-holder\"><div class=\"wp-block-getwid-section__background has-background\" style=\"background-color:#ffffff\"><\/div><div class=\"wp-block-getwid-section__foreground\"><\/div><\/div><div class=\"wp-block-getwid-section__content\"><div class=\"wp-block-getwid-section__inner-content\">\n<div class=\"wp-block-getwid-icon-box has-text-center\"><div class=\"wp-block-getwid-icon-box__icon-container has-layout-stacked is-position-top\"><div class=\"wp-block-getwid-icon-box__icon-wrapper has-background has-dark-gray-background-color has-text-color has-white-color\" style=\"font-size:50px;padding:10px;border-radius:0%\"><i class=\"fab fa-gulp\"><\/i><\/div><\/div><div class=\"wp-block-getwid-icon-box__content\">\n<div class=\"wp-block-getwid-advanced-heading\"><h3 class=\"wp-block-getwid-advanced-heading__content has-text-color has-dark-gray-color\" style=\"font-family:&quot;Berkshire Swash&quot;;font-weight:normal\">Gelateria<\/h3><\/div>\n\n\n\n<div class=\"wp-block-getwid-advanced-heading has-custom-font-size\" style=\"font-size:normal\"><h4 class=\"wp-block-getwid-advanced-heading__content has-text-color has-dark-gray-color\" style=\"font-family:&quot;Berkshire Swash&quot;;font-weight:normal\">Gelati artigianali e cremini<\/h4><\/div>\n\n\n\n<p class=\"has-small-font-size\"> Concediti un momento di pausa e gusta i sapori del nostro gelato, dai pi\u00f9 classici agli imperdibili cremini.<br>Il nostro latte fresco \u00e8 rigorosamente a Km 0, proveniente dall&#8217;Azienda Agricola Giassetto di Masone.<\/p>\n<\/div><\/div>\n<\/div><\/div><\/div><\/div><\/div>\n<\/div>\n\n\n\n<div class=\"wp-block-column is-layout-flow wp-block-column-is-layout-flow\">\n<div class=\"wp-block-getwid-section\"><div class=\"wp-block-getwid-section__wrapper\"><div class=\"wp-block-getwid-section__inner-wrapper\"><div class=\"wp-block-getwid-section__background-holder\"><div class=\"wp-block-getwid-section__background has-background\" style=\"background-color:#ffffff\"><\/div><div class=\"wp-block-getwid-section__foreground\"><\/div><\/div><div class=\"wp-block-getwid-section__content\"><div class=\"wp-block-getwid-section__inner-content\">\n<div class=\"wp-block-getwid-icon-box has-text-center\"><div class=\"wp-block-getwid-icon-box__icon-container has-layout-stacked is-position-top\"><div class=\"wp-block-getwid-icon-box__icon-wrapper has-background has-dark-gray-background-color has-text-color has-white-color\" style=\"font-size:50px;padding:10px;border-radius:0%\"><i class=\"fas fa-birthday-cake\"><\/i><\/div><\/div><div class=\"wp-block-getwid-icon-box__content\">\n<div class=\"wp-block-getwid-advanced-heading\"><h3 class=\"wp-block-getwid-advanced-heading__content has-text-color has-dark-gray-color\" style=\"font-family:&quot;Berkshire Swash&quot;;font-weight:normal\">Pasticceria<\/h3><\/div>\n\n\n\n<div class=\"wp-block-getwid-advanced-heading has-custom-font-size\" style=\"font-size:normal\"><h4 class=\"wp-block-getwid-advanced-heading__content has-text-color has-dark-gray-color\" style=\"font-family:&quot;Berkshire Swash&quot;;font-weight:normal\">Specialit\u00e0 dolciarie<\/h4><\/div>\n\n\n\n<p class=\"has-small-font-size\"> Le Golose specialit\u00e0 di pasticceria fresca e secca tradizionale sapranno conquistarti. Troverai bign\u00e8, cavolini, canestrelli, sfogliatelle, bab\u00e0, torte per compleanni e matrimoni, oltre alla Sacher e la nostra Torta Golosa.<\/p>\n<\/div><\/div>\n<\/div><\/div><\/div><\/div><\/div>\n<\/div>\n\n\n\n<div class=\"wp-block-column is-layout-flow wp-block-column-is-layout-flow\">\n<div class=\"wp-block-getwid-section\"><div class=\"wp-block-getwid-section__wrapper\"><div class=\"wp-block-getwid-section__inner-wrapper\"><div class=\"wp-block-getwid-section__background-holder\"><div class=\"wp-block-getwid-section__background has-background\" style=\"background-color:#ffffff\"><\/div><div class=\"wp-block-getwid-section__foreground\"><\/div><\/div><div class=\"wp-block-getwid-section__content\"><div class=\"wp-block-getwid-section__inner-content\">\n<div class=\"wp-block-getwid-icon-box has-text-center\"><div class=\"wp-block-getwid-icon-box__icon-container has-layout-stacked is-position-top\"><div class=\"wp-block-getwid-icon-box__icon-wrapper has-background has-dark-gray-background-color has-text-color has-white-color\" style=\"font-size:50px;padding:10px;border-radius:0%\"><i class=\"fas fa-coffee\"><\/i><\/div><\/div><div class=\"wp-block-getwid-icon-box__content\">\n<div class=\"wp-block-getwid-advanced-heading\"><h3 class=\"wp-block-getwid-advanced-heading__content has-text-color has-dark-gray-color\" style=\"font-family:&quot;Berkshire Swash&quot;;font-weight:normal\">Caffetteria<\/h3><\/div>\n\n\n\n<div class=\"wp-block-getwid-advanced-heading has-custom-font-size\" style=\"font-size:normal\"><h4 class=\"wp-block-getwid-advanced-heading__content has-text-color has-dark-gray-color\" style=\"font-family:&quot;Berkshire Swash&quot;;font-weight:normal\">Caff\u00e8 con miscela Illy<\/h4><\/div>\n\n\n\n<p class=\"has-small-font-size\"> Nel punto vendita di Genova Pra&#8217; il servizio bar offre una vasta scelta di prodotti di caffetteria dove potrete gustare caff\u00e8, mokaccini, cappuccini e cioccolate calde, anche con la nostra panna artigianale.<\/p>\n<\/div><\/div>\n<\/div><\/div><\/div><\/div><\/div>\n<\/div>\n<\/div>\n<\/div><\/div><\/div><\/div><\/div>\n\n\n<\/div><\/div><\/div><\/div><\/div>\n\n\n\n<div class=\"wp-block-getwid-advanced-heading alignfull alignfull\" id=\"chi-siamo\" style=\"margin-bottom:0px;margin-top:30px\"><h2 class=\"wp-block-getwid-advanced-heading__content has-text-color has-dark-gray-color has-background has-subtle-background-color\" style=\"text-align:center\">Chi siamo<\/h2><\/div>\n\n\n\n<div class=\"wp-block-getwid-section alignfull alignfull getwid-section-content-custom-width\"><div class=\"wp-block-getwid-section__wrapper getwid-padding-top-none getwid-padding-left-medium getwid-padding-right-medium\"><div class=\"wp-block-getwid-section__inner-wrapper\" style=\"max-width:1140px\"><div class=\"wp-block-getwid-section__background-holder\"><div class=\"wp-block-getwid-section__background has-background has-white-background-color\"><\/div><div class=\"wp-block-getwid-section__foreground\" style=\"opacity:0.5;mix-blend-mode:\"><\/div><\/div><div class=\"wp-block-getwid-section__content\"><div class=\"wp-block-getwid-section__inner-content\">\n<div class=\"wp-block-columns alignfull has-2-columns are-vertically-aligned-center is-style-default is-layout-flex wp-container-core-columns-is-layout-d0b3c9c8 wp-block-columns-is-layout-flex\">\n<div class=\"wp-block-column is-vertically-aligned-center is-layout-flow wp-block-column-is-layout-flow\">\n<div class=\"wp-block-getwid-advanced-heading\" style=\"margin-bottom:30px;margin-top:10px\"><h3 class=\"wp-block-getwid-advanced-heading__content has-text-color has-white-color has-background has-dark-gray-background-color\">Dal 2006 sulla bocca di tutti&#8230;<\/h3><\/div>\n\n\n\n<p>La <strong>Bottega del Goloso<\/strong> nasce da un\u2019idea di Mimmo in seguito all\u2019esperienza lavorativa di 25 anni (17 come dipendente e 8 come gestore) nella rinomata gelateria e pasticceria Peruzzi di Bogliasco. <\/p>\n\n\n\n<p><strong>Domenica 1 gennaio 2006 viene aperto il primo punto vendita a Voltri<\/strong> che ottiene ottimi risultati al punto che dopo solo due anni e mezzo, a giugno del 2008, apre il secondo negozio e a marzo del 2011 il terzo.<\/p>\n\n\n\n<p>Per una scelta logistica nel 2016 il primo negozio viene ceduto e la <strong>seconda gelateria<\/strong> trasferita, <strong>a giugno del 2017, nella nuova zona pedonale di Pra&#8217;<\/strong>.<br><br><strong>I clienti sono coccolati dalla cortesia e professionalit\u00e0 di Mimmo, Redy, Denise<\/strong> e insieme al resto dello staff, in un ambiente dove attenzione, passione, qualit\u00e0 e pulizia non mancano!<\/p>\n\n\n\n<div class=\"wp-block-button is-style-fill\"><a class=\"wp-block-button__link has-white-color has-dark-gray-background-color has-text-color has-background\" href=\"https:\/\/www.labottegadelgolosogenova.it\/#dove-siamo\">Contattaci<\/a><\/div>\n<\/div>\n\n\n\n<div class=\"wp-block-column is-vertically-aligned-center is-layout-flow wp-block-column-is-layout-flow\">\n<div class=\"wp-block-image size-large is-style-default\"><figure class=\"aligncenter size-large is-resized\"><img loading=\"lazy\" decoding=\"async\" src=\"https:\/\/www.labottegadelgolosogenova.it\/wp-content\/uploads\/2021\/05\/La-Bottega-del-Goloso-chi-siamo.png\" alt=\"La Bottega del Goloso chi siamo\" class=\"wp-image-190\" width=\"375\" height=\"480\" srcset=\"https:\/\/www.labottegadelgolosogenova.it\/wp-content\/uploads\/2021\/05\/La-Bottega-del-Goloso-chi-siamo.png 750w, https:\/\/www.labottegadelgolosogenova.it\/wp-content\/uploads\/2021\/05\/La-Bottega-del-Goloso-chi-siamo-235x300.png 235w\" sizes=\"auto, (max-width: 375px) 100vw, 375px\" \/><\/figure><\/div>\n<\/div>\n<\/div>\n\n\n<\/div><\/div><\/div><\/div><\/div>\n\n\n\n<div class=\"wp-block-getwid-advanced-heading alignfull alignfull\" id=\"specialita\" style=\"margin-bottom:0px;margin-top:30px\"><h2 class=\"wp-block-getwid-advanced-heading__content has-text-color has-white-color has-background has-dark-gray-background-color\" style=\"text-align:center\">Le nostre specialit\u00e0<\/h2><\/div>\n\n\n\n<div class=\"wp-block-getwid-section alignfull getwid-margin-top-none getwid-section-content-custom-width\"><div class=\"wp-block-getwid-section__wrapper getwid-padding-top-none getwid-padding-left-medium getwid-padding-right-medium\"><div class=\"wp-block-getwid-section__inner-wrapper\" style=\"max-width:1140px\"><div class=\"wp-block-getwid-section__background-holder\"><div class=\"wp-block-getwid-section__background has-background has-white-background-color\" style=\"background-image:url('https:\/\/www.labottegadelgolosogenova.it\/wp-content\/uploads\/2021\/05\/Bottega-del-Goloso-Specialita-Gelateria-Pasticceria-Caffetteria-Genova.jpg')\"><div class=\"wp-block-getwid-section__background-image-wrapper\"><img decoding=\"async\" class=\"wp-block-getwid-section__background-image\" src=\"https:\/\/www.labottegadelgolosogenova.it\/wp-content\/uploads\/2021\/05\/Bottega-del-Goloso-Specialita-Gelateria-Pasticceria-Caffetteria-Genova.jpg\" alt=\"Bottega del Goloso Specialit\u00e0 Gelateria Pasticceria Caffetteria Genova\"\/><\/div><\/div><div class=\"wp-block-getwid-section__foreground\" style=\"opacity:0.5;mix-blend-mode:\"><\/div><\/div><div class=\"wp-block-getwid-section__content\"><div class=\"wp-block-getwid-section__inner-content\">\n<div class=\"wp-block-getwid-section alignfull getwid-section-content-full-width\"><div class=\"wp-block-getwid-section__wrapper getwid-padding-top-large getwid-padding-bottom-large getwid-padding-left-medium getwid-padding-right-medium\" style=\"min-height:70vh\"><div class=\"wp-block-getwid-section__inner-wrapper\"><div class=\"wp-block-getwid-section__background-holder\"><div class=\"wp-block-getwid-section__background\"><\/div><div class=\"wp-block-getwid-section__foreground\" style=\"opacity:0;background-color:#000000\"><\/div><\/div><div class=\"wp-block-getwid-section__content\"><div class=\"wp-block-getwid-section__inner-content\">\n<p class=\"has-text-align-center has-black-color has-white-background-color has-text-color has-background\">Il <strong>\u201cCaramello con Pinoli Tostati\u201d<\/strong> e lo <strong>\u201cStrabacio\u201d<\/strong> sono <strong>ricette trentennali<\/strong> di<br>Mimmo e sono un vero e proprio must.<br>Anche i gusti pi\u00f9 tradizionali non mancano di qualit\u00e0 e ottime materie<br>prime, come il <strong>cioccolato fondente<\/strong> prodotto solamente con <strong>cioccolato<br>monorigine<\/strong> e acqua.<br>L\u2019uso di <strong>prodotti freschi<\/strong> fa s\u00ec che i gusti varino a seconda della <strong>stagionalit\u00e0 degli ingredienti<\/strong>. <br>D\u2019estate si possono trovare <strong>fresche granite e ghiaccioli artigianali<\/strong> con <strong>frutta di<br>stagione<\/strong>.<br>La Bottega del Goloso offre specialit\u00e0 dolciarie artigianali come la <strong>\u201cTorta<br>Golosa\u201d<\/strong> che incontra da sempre i gusti della clientela.<\/p>\n<\/div><\/div><\/div><\/div><\/div>\n\n\n<\/div><\/div><\/div><\/div><\/div>\n\n\n\n<div class=\"wp-block-getwid-advanced-heading alignfull alignfull\" id=\"dove-siamo\" style=\"margin-bottom:0px;margin-top:30px\"><h2 class=\"wp-block-getwid-advanced-heading__content has-text-color has-dark-gray-color has-background has-subtle-background-color\" style=\"text-align:center\">Ci puoi trovare<\/h2><\/div>\n\n\n\n<div class=\"wp-block-getwid-section alignfull alignfull getwid-margin-top-none getwid-section-content-custom-width\"><div class=\"wp-block-getwid-section__wrapper getwid-padding-top-none getwid-padding-left-medium getwid-padding-right-medium\"><div class=\"wp-block-getwid-section__inner-wrapper\" style=\"max-width:1140px\"><div class=\"wp-block-getwid-section__background-holder\"><div class=\"wp-block-getwid-section__background has-background has-white-background-color\"><\/div><div class=\"wp-block-getwid-section__foreground\" style=\"opacity:0.5;mix-blend-mode:\"><\/div><\/div><div class=\"wp-block-getwid-section__content\"><div class=\"wp-block-getwid-section__inner-content\">\n<div class=\"wp-block-getwid-section alignfull alignfull getwid-section-content-custom-width\"><div class=\"wp-block-getwid-section__wrapper getwid-padding-left-medium getwid-padding-right-medium\"><div class=\"wp-block-getwid-section__inner-wrapper\" style=\"max-width:1140px\"><div class=\"wp-block-getwid-section__background-holder\"><div class=\"wp-block-getwid-section__background\"><\/div><div class=\"wp-block-getwid-section__foreground\"><\/div><\/div><div class=\"wp-block-getwid-section__content\"><div class=\"wp-block-getwid-section__inner-content\">\n<div class=\"wp-block-columns has-2-columns is-layout-flex wp-container-core-columns-is-layout-d0b3c9c8 wp-block-columns-is-layout-flex\">\n<div class=\"wp-block-column is-layout-flow wp-block-column-is-layout-flow\">\n<div class=\"wp-block-getwid-advanced-heading\" style=\"margin-bottom:20px\"><h3 class=\"wp-block-getwid-advanced-heading__content has-text-color has-white-color has-background has-dark-gray-background-color\">A Genova Voltri<\/h3><\/div>\n\n\n\n<div class=\"wp-block-getwid-icon-box getwid-animation has-icon-left has-text-left\" data-animation=\"zoomBig\"><div class=\"wp-block-getwid-icon-box__icon-container is-position-middle\"><div class=\"wp-block-getwid-icon-box__icon-wrapper has-text-color has-dark-gray-color\" style=\"font-size:30px\"><i class=\"far fa-clock\"><\/i><\/div><\/div><div class=\"wp-block-getwid-icon-box__content\">\n<div class=\"wp-block-getwid-advanced-heading\"><h4 class=\"wp-block-getwid-advanced-heading__content has-text-color has-dark-gray-color\">I nostri orari sono<\/h4><\/div>\n\n\n\n<p>Da Marted\u00ec a Domenica<br>dalle 10:00 alle 22:30 con orario continuato<br>Luned\u00ec chiuso<\/p>\n<\/div><\/div>\n\n\n\n<div class=\"wp-block-getwid-icon-box has-icon-left has-text-left\"><div class=\"wp-block-getwid-icon-box__icon-container is-position-middle\"><div class=\"wp-block-getwid-icon-box__icon-wrapper has-text-color has-dark-gray-color\" style=\"font-size:30px\"><i class=\"fas fa-mobile-alt\"><\/i><\/div><\/div><div class=\"wp-block-getwid-icon-box__content\">\n<div class=\"wp-block-getwid-advanced-heading\"><h4 class=\"wp-block-getwid-advanced-heading__content has-text-color has-dark-gray-color\">Chiamaci per prenotare<\/h4><\/div>\n\n\n\n<p><a href=\"tel:+390108605938\" data-type=\"tel\" data-id=\"tel:+390108605938\">010 86 05 938<\/a><\/p>\n<\/div><\/div>\n\n\n\n<div class=\"wp-block-getwid-icon-box has-icon-left has-text-left\"><div class=\"wp-block-getwid-icon-box__icon-container is-position-middle\"><div class=\"wp-block-getwid-icon-box__icon-wrapper has-text-color has-dark-gray-color\" style=\"font-size:30px\"><i class=\"fas fa-map-marker-alt\"><\/i><\/div><\/div><div class=\"wp-block-getwid-icon-box__content\">\n<div class=\"wp-block-getwid-advanced-heading\"><h4 class=\"wp-block-getwid-advanced-heading__content has-text-color has-dark-gray-color\">Dove siamo<\/h4><\/div>\n\n\n\n<p>Siamo in Piazza B. e G. Odicini 2 N<\/p>\n\n\n\n<iframe src=\"https:\/\/www.google.com\/maps\/embed?pb=!1m18!1m12!1m3!1d45587.558139010536!2d8.75549170090672!3d44.428600333662395!2m3!1f0!2f0!3f0!3m2!1i1024!2i768!4f13.1!3m3!1m2!1s0x12d33ea7733b55eb%3A0x503ca50a2189875a!2sLa%20Bottega%20Del%20Goloso%20Voltri!5e0!3m2!1sit!2sit!4v1621438214833!5m2!1sit!2sit\" width=\"600\" height=\"450\" style=\"border:0;\" allowfullscreen=\"\" loading=\"lazy\"><\/iframe>\n<\/div><\/div>\n<\/div>\n\n\n\n<div class=\"wp-block-column is-layout-flow wp-block-column-is-layout-flow\">\n<div class=\"wp-block-getwid-advanced-heading\" style=\"margin-bottom:20px\"><h3 class=\"wp-block-getwid-advanced-heading__content has-text-color has-white-color has-background has-dark-gray-background-color\">A Genova Pra&#8217;<\/h3><\/div>\n\n\n\n<div class=\"wp-block-getwid-icon-box getwid-animation has-icon-left has-text-left\" data-animation=\"zoomBig\"><div class=\"wp-block-getwid-icon-box__icon-container is-position-middle\"><div class=\"wp-block-getwid-icon-box__icon-wrapper has-text-color has-dark-gray-color\" style=\"font-size:30px\"><i class=\"far fa-clock\"><\/i><\/div><\/div><div class=\"wp-block-getwid-icon-box__content\">\n<div class=\"wp-block-getwid-advanced-heading\"><h4 class=\"wp-block-getwid-advanced-heading__content has-text-color has-dark-gray-color\">I nostri orari sono<\/h4><\/div>\n\n\n\n<p>Da Marted\u00ec a Domenica<br>dalle 10:00 alle 20:00 con orario continuato<br>Luned\u00ec chiuso<\/p>\n<\/div><\/div>\n\n\n\n<div class=\"wp-block-getwid-icon-box has-icon-left has-text-left\"><div class=\"wp-block-getwid-icon-box__icon-container is-position-middle\"><div class=\"wp-block-getwid-icon-box__icon-wrapper has-text-color has-dark-gray-color\" style=\"font-size:30px\"><i class=\"fas fa-mobile-alt\"><\/i><\/div><\/div><div class=\"wp-block-getwid-icon-box__content\">\n<div class=\"wp-block-getwid-advanced-heading\"><h4 class=\"wp-block-getwid-advanced-heading__content has-text-color has-dark-gray-color\">Chiamaci per prenotare<\/h4><\/div>\n\n\n\n<p><a href=\"tel:+390106982992\" data-type=\"tel\" data-id=\"tel:+390106982992\">010 69 82 992<\/a><\/p>\n<\/div><\/div>\n\n\n\n<div class=\"wp-block-getwid-icon-box has-icon-left has-text-left\"><div class=\"wp-block-getwid-icon-box__icon-container is-position-middle\"><div class=\"wp-block-getwid-icon-box__icon-wrapper has-text-color has-dark-gray-color\" style=\"font-size:30px\"><i class=\"fas fa-map-marker-alt\"><\/i><\/div><\/div><div class=\"wp-block-getwid-icon-box__content\">\n<div class=\"wp-block-getwid-advanced-heading\"><h4 class=\"wp-block-getwid-advanced-heading__content has-text-color has-dark-gray-color\">Dove siamo<\/h4><\/div>\n\n\n\n<p>Siamo in Via Pra&#8217; 92 R<\/p>\n\n\n\n<iframe src=\"https:\/\/www.google.com\/maps\/embed?pb=!1m18!1m12!1m3!1d45587.558139010536!2d8.75549170090672!3d44.428600333662395!2m3!1f0!2f0!3f0!3m2!1i1024!2i768!4f13.1!3m3!1m2!1s0x12d33eda1fb0efa3%3A0x1f7efdc4a1ecaefa!2sLa%20Bottega%20del%20Goloso!5e0!3m2!1sit!2sit!4v1621438069766!5m2!1sit!2sit\" width=\"600\" height=\"450\" style=\"border:0;\" allowfullscreen=\"\" loading=\"lazy\"><\/iframe>\n<\/div><\/div>\n<\/div>\n<\/div>\n<\/div><\/div><\/div><\/div><\/div>\n\n\n\n<div class=\"wp-block-getwid-section alignfull alignfull getwid-section-content-custom-width\"><div class=\"wp-block-getwid-section__wrapper getwid-padding-left-medium getwid-padding-right-medium\"><div class=\"wp-block-getwid-section__inner-wrapper\" style=\"max-width:1140px\"><div class=\"wp-block-getwid-section__background-holder\"><div class=\"wp-block-getwid-section__background\"><\/div><div class=\"wp-block-getwid-section__foreground\"><\/div><\/div><div class=\"wp-block-getwid-section__content\"><div class=\"wp-block-getwid-section__inner-content\">\n<div class=\"wp-block-columns has-2-columns is-layout-flex wp-container-core-columns-is-layout-d0b3c9c8 wp-block-columns-is-layout-flex\">\n<div class=\"wp-block-column is-layout-flow wp-block-column-is-layout-flow\">\n<div class=\"wp-block-getwid-advanced-heading\" style=\"margin-bottom:20px\"><h3 class=\"wp-block-getwid-advanced-heading__content has-text-color has-white-color has-background has-dark-gray-background-color\">Siamo sui Social<\/h3><\/div>\n\n\n\n<div class=\"wp-block-getwid-icon-box getwid-animation has-icon-left has-text-left\" data-animation=\"zoomBig\"><div class=\"wp-block-getwid-icon-box__icon-container is-position-middle\"><div class=\"wp-block-getwid-icon-box__icon-wrapper has-text-color has-dark-gray-color\" style=\"font-size:30px\"><i class=\"fab fa-facebook-f\"><\/i><\/div><\/div><div class=\"wp-block-getwid-icon-box__content\">\n<div class=\"wp-block-getwid-advanced-heading\"><h4 class=\"wp-block-getwid-advanced-heading__content has-text-color has-dark-gray-color\">Facebook<\/h4><\/div>\n\n\n\n<p><a href=\"https:\/\/www.facebook.com\/labottegadelgoloso2\" data-type=\"URL\" data-id=\"https:\/\/www.facebook.com\/labottegadelgoloso2\" target=\"_blank\" rel=\"noreferrer noopener\">labottegadelgoloso2<\/a><\/p>\n<\/div><\/div>\n\n\n\n<div class=\"wp-block-getwid-icon-box has-icon-left has-text-left\"><div class=\"wp-block-getwid-icon-box__icon-container is-position-middle\"><div class=\"wp-block-getwid-icon-box__icon-wrapper has-text-color has-dark-gray-color\" style=\"font-size:30px\"><i class=\"fab fa-instagram\"><\/i><\/div><\/div><div class=\"wp-block-getwid-icon-box__content\">\n<div class=\"wp-block-getwid-advanced-heading\"><h4 class=\"wp-block-getwid-advanced-heading__content has-text-color has-dark-gray-color\">Instagram<\/h4><\/div>\n\n\n\n<p><a href=\"https:\/\/www.instagram.com\/bottegadelgoloso\/\" data-type=\"URL\" data-id=\"https:\/\/www.instagram.com\/bottegadelgoloso\/\" target=\"_blank\" rel=\"noreferrer noopener\">bottegadelgoloso<\/a><\/p>\n<\/div><\/div>\n\n\n\n<div class=\"wp-block-getwid-icon-box has-icon-left has-text-left\"><div class=\"wp-block-getwid-icon-box__icon-container is-position-middle\"><div class=\"wp-block-getwid-icon-box__icon-wrapper has-text-color has-dark-gray-color\" style=\"font-size:30px\"><i class=\"fab fa-tripadvisor\"><\/i><\/div><\/div><div class=\"wp-block-getwid-icon-box__content\">\n<div class=\"wp-block-getwid-advanced-heading\"><h4 class=\"wp-block-getwid-advanced-heading__content has-text-color has-dark-gray-color\">Tripadvisor<\/h4><\/div>\n\n\n\n<p><a href=\"https:\/\/www.tripadvisor.it\/Restaurant_Review-g187823-d3137185-Reviews-La_Bottega_del_Goloso-Genoa_Italian_Riviera_Liguria.html\" target=\"_blank\" rel=\"noreferrer noopener\">La Bottega del Goloso<\/a><\/p>\n<\/div><\/div>\n<\/div>\n\n\n\n<div class=\"wp-block-column is-layout-flow wp-block-column-is-layout-flow\">\n<div class=\"wp-block-getwid-advanced-heading\" style=\"margin-bottom:20px\"><h3 class=\"wp-block-getwid-advanced-heading__content has-text-color has-white-color has-background has-dark-gray-background-color\">Scrivici<\/h3><\/div>\n\n\n\n<div class=\"wp-block-getwid-icon-box getwid-animation has-icon-left has-text-left\" data-animation=\"zoomBig\"><div class=\"wp-block-getwid-icon-box__icon-container is-position-middle\"><div class=\"wp-block-getwid-icon-box__icon-wrapper has-text-color has-dark-gray-color\" style=\"font-size:30px\"><i class=\"far fa-envelope\"><\/i><\/div><\/div><div class=\"wp-block-getwid-icon-box__content\">\n<div class=\"wp-block-getwid-advanced-heading\"><h4 class=\"wp-block-getwid-advanced-heading__content has-text-color has-dark-gray-color\">Una mail<\/h4><\/div>\n\n\n\n<p><a href=\"mailto:info@labottegadelgolosogenova.it\">info@labottegadelgolosogenova.it<\/a><\/p>\n<\/div><\/div>\n\n\n\n<div class=\"wp-block-getwid-icon-box has-icon-left has-text-left\"><div class=\"wp-block-getwid-icon-box__icon-container is-position-middle\"><div class=\"wp-block-getwid-icon-box__icon-wrapper has-text-color has-dark-gray-color\" style=\"font-size:30px\"><i class=\"fab fa-whatsapp\"><\/i><\/div><\/div><div class=\"wp-block-getwid-icon-box__content\">\n<div class=\"wp-block-getwid-advanced-heading\"><h4 class=\"wp-block-getwid-advanced-heading__content has-text-color has-dark-gray-color\">Su WhatsApp<\/h4><\/div>\n\n\n\n<p><a href=\"https:\/\/wa.me\/393396839114\" data-type=\"URL\" data-id=\"https:\/\/wa.me\/393396839114\" target=\"_blank\" rel=\"noreferrer noopener\">+39 339 683 9114<\/a><\/p>\n<\/div><\/div>\n\n\n\n<div class=\"wp-block-getwid-icon-box has-icon-left has-text-left\"><div class=\"wp-block-getwid-icon-box__icon-container is-position-middle\"><div class=\"wp-block-getwid-icon-box__icon-wrapper has-text-color has-dark-gray-color\" style=\"font-size:30px\"><i class=\"far fa-comment-alt\"><\/i><\/div><\/div><div class=\"wp-block-getwid-icon-box__content\">\n<div class=\"wp-block-getwid-advanced-heading\"><h4 class=\"wp-block-getwid-advanced-heading__content has-text-color has-dark-gray-color\">Un messaggio<\/h4><\/div>\n\n\n\n<p>Compila i campi<\/p>\n\n\n\n<div class=\"wp-block-contact-form-7-contact-form-selector\">\n<div class=\"wpcf7 no-js\" id=\"wpcf7-f77-o1\" lang=\"it-IT\" dir=\"ltr\" data-wpcf7-id=\"77\">\n<div class=\"screen-reader-response\"><p role=\"status\" aria-live=\"polite\" aria-atomic=\"true\"><\/p> <ul><\/ul><\/div>\n<form action=\"\/index.php?rest_route=%2Fwp%2Fv2%2Fpages%2F23#wpcf7-f77-o1\" method=\"post\" class=\"wpcf7-form init\" aria-label=\"Modulo di contatto\" novalidate=\"novalidate\" data-status=\"init\">\n<fieldset class=\"hidden-fields-container\"><input type=\"hidden\" name=\"_wpcf7\" value=\"77\" \/><input type=\"hidden\" name=\"_wpcf7_version\" value=\"6.1.5\" \/><input type=\"hidden\" name=\"_wpcf7_locale\" value=\"it_IT\" \/><input type=\"hidden\" name=\"_wpcf7_unit_tag\" value=\"wpcf7-f77-o1\" \/><input type=\"hidden\" name=\"_wpcf7_container_post\" value=\"0\" \/><input type=\"hidden\" name=\"_wpcf7_posted_data_hash\" value=\"\" \/><input type=\"hidden\" name=\"_wpcf7_recaptcha_response\" value=\"\" \/>\n<\/fieldset>\n<p><label> Nome<br \/>\n<span class=\"wpcf7-form-control-wrap\" data-name=\"nome\"><input size=\"40\" maxlength=\"400\" class=\"wpcf7-form-control wpcf7-text wpcf7-validates-as-required\" aria-required=\"true\" aria-invalid=\"false\" value=\"\" type=\"text\" name=\"nome\" \/><\/span> <\/label>\n<\/p>\n<p><label> Email<br \/>\n<span class=\"wpcf7-form-control-wrap\" data-name=\"email\"><input size=\"40\" maxlength=\"400\" class=\"wpcf7-form-control wpcf7-email wpcf7-validates-as-required wpcf7-text wpcf7-validates-as-email\" aria-required=\"true\" aria-invalid=\"false\" value=\"\" type=\"email\" name=\"email\" \/><\/span> <\/label>\n<\/p>\n<p><label> Telefono<br \/>\n<span class=\"wpcf7-form-control-wrap\" data-name=\"telefono\"><input size=\"40\" maxlength=\"400\" class=\"wpcf7-form-control wpcf7-text wpcf7-validates-as-required\" aria-required=\"true\" aria-invalid=\"false\" value=\"\" type=\"text\" name=\"telefono\" \/><\/span> <\/label>\n<\/p>\n<p><label> Messaggio<br \/>\n<span class=\"wpcf7-form-control-wrap\" data-name=\"messaggio\"><textarea cols=\"40\" rows=\"10\" maxlength=\"2000\" class=\"wpcf7-form-control wpcf7-textarea\" aria-invalid=\"false\" name=\"messaggio\"><\/textarea><\/span> <\/label>\n<\/p>\n<p><label class=\"campo-modulo-civ campo-privacy\"> Consenso Privacy *<br \/>\n<span class=\"wpcf7-form-control-wrap\" data-name=\"ConsensoPrivacy\"><span class=\"wpcf7-form-control wpcf7-acceptance\"><span class=\"wpcf7-list-item\"><label><input type=\"checkbox\" name=\"ConsensoPrivacy\" value=\"1\" class=\"spuntaprivacy\" aria-invalid=\"false\" \/><span class=\"wpcf7-list-item-label\">Acconsento all'utilizzo dei dati personali forniti in base alla legge delega n. 163\/2017 (in vigore dal 25 maggio 2018) e che aggiorna la precedente legge sulla privacy ex D. Lgs. 196\/2003 recante il \"Codice in materia di protezione dei dati personali\".\nTitolare del trattamento dati \u00e8: La Bottega del Goloso SNC di Domenico Dellisanti-  P.IVA 01603090992<\/span><\/label><\/span><\/span><\/span><\/label>\n<\/p>\n<p><input class=\"wpcf7-form-control wpcf7-submit has-spinner\" type=\"submit\" value=\"Invia\" \/>\n<\/p><div class=\"wpcf7-response-output\" aria-hidden=\"true\"><\/div>\n<\/form>\n<\/div>\n<\/div>\n<\/div><\/div>\n<\/div>\n<\/div>\n<\/div><\/div><\/div><\/div><\/div>\n\n\n<\/div><\/div><\/div><\/div><\/div>\n","protected":false},"excerpt":{"rendered":"","protected":false},"author":4,"featured_media":0,"parent":0,"menu_order":0,"comment_status":"closed","ping_status":"open","template":"","meta":{"footnotes":""},"class_list":["post-23","page","type-page","status-publish","hentry","entry"],"_links":{"self":[{"href":"https:\/\/www.labottegadelgolosogenova.it\/index.php?rest_route=\/wp\/v2\/pages\/23","targetHints":{"allow":["GET"]}}],"collection":[{"href":"https:\/\/www.labottegadelgolosogenova.it\/index.php?rest_route=\/wp\/v2\/pages"}],"about":[{"href":"https:\/\/www.labottegadelgolosogenova.it\/index.php?rest_route=\/wp\/v2\/types\/page"}],"author":[{"embeddable":true,"href":"https:\/\/www.labottegadelgolosogenova.it\/index.php?rest_route=\/wp\/v2\/users\/4"}],"replies":[{"embeddable":true,"href":"https:\/\/www.labottegadelgolosogenova.it\/index.php?rest_route=%2Fwp%2Fv2%2Fcomments&post=23"}],"version-history":[{"count":121,"href":"https:\/\/www.labottegadelgolosogenova.it\/index.php?rest_route=\/wp\/v2\/pages\/23\/revisions"}],"predecessor-version":[{"id":205,"href":"https:\/\/www.labottegadelgolosogenova.it\/index.php?rest_route=\/wp\/v2\/pages\/23\/revisions\/205"}],"wp:attachment":[{"href":"https:\/\/www.labottegadelgolosogenova.it\/index.php?rest_route=%2Fwp%2Fv2%2Fmedia&parent=23"}],"curies":[{"name":"wp","href":"https:\/\/api.w.org\/{rel}","templated":true}]}}